{"id":18932,"date":"2026-09-01T12:28:02","date_gmt":"2026-09-01T10:28:02","guid":{"rendered":"http:\/\/www.ecole-saintjoseph-mauleon.fr\/fr\/?page_id=18932"},"modified":"2026-09-01T12:28:02","modified_gmt":"2026-09-01T10:28:02","slug":"reglement-financier","status":"publish","type":"page","link":"http:\/\/www.ecole-saintjoseph-mauleon.fr\/fr\/reglement-financier\/","title":{"rendered":"R\u00e8glement financier"},"content":{"rendered":"\n<p><strong><u>Contribution des familles<\/u><\/strong><\/p>\n\n\n\n<p>Le montant de la contribution familiale par enfant et pour l\u2019ann\u00e9e 2026\/2027 est de 340 euros, soit 34 euros par mois sur les 10 mois de scolarit\u00e9 (septembre \u00e0 juin).<\/p>\n\n\n\n<p>A partir du 3<sup>\u00e8me<\/sup> enfant, le montant annuel s\u2019\u00e9l\u00e8ve \u00e0 200 euros.<\/p>\n\n\n\n<p>Le montant de la contribution pour un enfant venant \u00e0 temps partiel est identique \u00e0 celui d\u2019un temps plein.<\/p>\n\n\n\n<p>La contribution des familles est destin\u00e9e \u00e0 financer les investissements immobiliers et les \u00e9quipements n\u00e9cessaires, ainsi que les d\u00e9penses li\u00e9es au caract\u00e8re propre de l\u2019\u00e9tablissement et \u00e0 l\u2019organisation de l\u2019enseignement catholique dioc\u00e9sain et national.<\/p>\n\n\n\n<p><strong><u>Cotisation A.P.E.L<\/u><\/strong><\/p>\n\n\n\n<p>L\u2019association des parents d\u2019\u00e9l\u00e8ves repr\u00e9sente les parents aupr\u00e8s de la direction de l\u2019\u00e9tablissement, de l\u2019organisation de l\u2019enseignement catholique et des pouvoirs publics. Elle participe activement \u00e0 l\u2019animation et \u00e0 la vie de l\u2019\u00e9tablissement et apporte aux familles un ensemble de services, dont la revue \u00ab&nbsp;Famille et Education&nbsp;\u00bb.<\/p>\n\n\n\n<p>L\u2019adh\u00e9sion \u00e0 cette association est volontaire et n\u2019est possible qu\u2019en d\u00e9but d\u2019ann\u00e9e scolaire. Son montant sera appel\u00e9 une seule fois, lors de la premi\u00e8re \u00e9ch\u00e9ance. Une plaquette pr\u00e9sentant l\u2019association est jointe \u00e0 ce dossier.<\/p>\n\n\n\n<p><strong>o<\/strong><strong> Oui, je souhaite adh\u00e9rer \u00e0 l\u2019APEL de l\u2019\u00e9tablissement pour 2026\/2027 (23 euros l\u2019ann\u00e9e)<\/strong><strong><\/strong><\/p>\n\n\n\n<p><strong><u>Activit\u00e9s et sorties p\u00e9dagogiques<\/u><\/strong><\/p>\n\n\n\n<p>Si un voyage, une classe de d\u00e9couverte ou d\u2019autres activit\u00e9s exceptionnelles sont organis\u00e9s par l\u2019\u00e9cole, les modalit\u00e9s financi\u00e8res sont expliqu\u00e9es et n\u00e9goci\u00e9es avec les parents d\u2019\u00e9l\u00e8ves concern\u00e9s.<\/p>\n\n\n\n<p><strong><u>Les contributions de solidarit\u00e9<\/u><\/strong><\/p>\n\n\n\n<p>Si cette contribution est organis\u00e9e par l\u2019enseignement catholique dioc\u00e9sain ou r\u00e9gional pour financer des op\u00e9rations immobili\u00e8res, cette contribution des parents d\u2019\u00e9l\u00e8ves ne peut qu\u2019\u00eatre volontaire.<\/p>\n\n\n\n<p><strong><u>Modalit\u00e9s financi\u00e8res<\/u><\/strong><\/p>\n\n\n\n<p><em>Cocher la case correspondante&nbsp;:<\/em><\/p>\n\n\n\n<p>La contribution familiale est r\u00e9gl\u00e9e prioritairement par&nbsp;:<\/p>\n\n\n\n<p><strong>o<\/strong><strong> pr\u00e9l\u00e8vement bancaire <u>mensuel (de septembre \u00e0 juin)<\/u><\/strong><strong> \u2013 <em>(joindre un RIB si nouvelles coordonn\u00e9es bancaires)<\/em><\/strong><strong><em><u><\/u><\/em><\/strong><\/p>\n\n\n\n<p>&nbsp;&nbsp;&nbsp;&nbsp;&nbsp;&nbsp;&nbsp;&nbsp;&nbsp;&nbsp;&nbsp; Pour les familles s\u00e9par\u00e9es, indiquer la r\u00e9partition du paiement&nbsp;entre les deux responsables :<\/p>\n\n\n\n<p>&nbsp;&nbsp;&nbsp;&nbsp;&nbsp;&nbsp;&nbsp;&nbsp;&nbsp;&nbsp;&nbsp; M\u2026\u2026\u2026\u2026\u2026\u2026\u2026\u2026\u2026\u2026\u2026&nbsp;: \u2026\u2026\u2026. %&nbsp;&nbsp;&nbsp;&nbsp;&nbsp;&nbsp;&nbsp;&nbsp;&nbsp;&nbsp;&nbsp;&nbsp;&nbsp;&nbsp;&nbsp;&nbsp;&nbsp;&nbsp;&nbsp; Mme \u2026\u2026\u2026\u2026\u2026\u2026\u2026\u2026\u2026\u2026&nbsp;: \u2026\u2026\u2026. %<\/p>\n\n\n\n<p><strong>o<\/strong><strong> virement bancaire annuel ou ch\u00e8que <u>annuel (en septembre)<\/u><\/strong><strong><\/strong><\/p>\n\n\n\n<p>Enfin pour des situations exceptionnelles, l\u2019OGEC reste \u00e0 la disposition des familles&nbsp;:<\/p>\n\n\n\n<p><strong>o<\/strong><strong> autre souhait.<\/strong><strong><\/strong><\/p>\n\n\n\n<p><strong><u>Impay\u00e9s<\/u><\/strong><\/p>\n\n\n\n<p>Les pr\u00e9l\u00e8vements se font le 10 de chaque mois. Merci de veiller \u00e0 l\u2019approvisionnement de votre compte bancaire. Pour information, tout rejet d\u2019un pr\u00e9l\u00e8vement entra\u00eene des frais bancaires pour l\u2019OGEC. Cette somme pourra \u00eatre refactur\u00e9e aux responsables. N\u2019h\u00e9sitez pas \u00e0 anticiper toute difficult\u00e9 de paiement, et \u00e0 contacter le chef d\u2019\u00e9tablissement pour anticiper les possibilit\u00e9s<em>.<\/em><\/p>\n\n\n\n<p>L\u2019\u00e9tablissement intentera toute action jug\u00e9e n\u00e9cessaire pour recouvrer les sommes impay\u00e9es. En outre, en cas d\u2019impay\u00e9s, l\u2019\u00e9tablissement se r\u00e9serve le droit de ne pas r\u00e9inscrire l\u2019\u00e9l\u00e8ve l\u2019ann\u00e9e scolaire suivante.<\/p>\n\n\n\n<p><\/p>\n","protected":false},"excerpt":{"rendered":"<p>Contribution des familles Le montant de la contribution familiale par enfant et pour l\u2019ann\u00e9e 2026\/2027 est de 340 euros, soit 34 euros par mois sur les 10 mois de scolarit\u00e9 (septembre \u00e0 juin). A partir du 3\u00e8me enfant, le montant annuel s\u2019\u00e9l\u00e8ve \u00e0 200 euros. Le montant de la contribution pour un enfant venant \u00e0&hellip;<\/p>\n","protected":false},"author":5,"featured_media":0,"parent":0,"menu_order":0,"comment_status":"closed","ping_status":"closed","template":"","meta":{"footnotes":""},"class_list":["post-18932","page","type-page","status-publish","hentry"],"_links":{"self":[{"href":"http:\/\/www.ecole-saintjoseph-mauleon.fr\/fr\/wp-json\/wp\/v2\/pages\/18932","targetHints":{"allow":["GET"]}}],"collection":[{"href":"http:\/\/www.ecole-saintjoseph-mauleon.fr\/fr\/wp-json\/wp\/v2\/pages"}],"about":[{"href":"http:\/\/www.ecole-saintjoseph-mauleon.fr\/fr\/wp-json\/wp\/v2\/types\/page"}],"author":[{"embeddable":true,"href":"http:\/\/www.ecole-saintjoseph-mauleon.fr\/fr\/wp-json\/wp\/v2\/users\/5"}],"replies":[{"embeddable":true,"href":"http:\/\/www.ecole-saintjoseph-mauleon.fr\/fr\/wp-json\/wp\/v2\/comments?post=18932"}],"version-history":[{"count":1,"href":"http:\/\/www.ecole-saintjoseph-mauleon.fr\/fr\/wp-json\/wp\/v2\/pages\/18932\/revisions"}],"predecessor-version":[{"id":18933,"href":"http:\/\/www.ecole-saintjoseph-mauleon.fr\/fr\/wp-json\/wp\/v2\/pages\/18932\/revisions\/18933"}],"wp:attachment":[{"href":"http:\/\/www.ecole-saintjoseph-mauleon.fr\/fr\/wp-json\/wp\/v2\/media?parent=18932"}],"curies":[{"name":"wp","href":"https:\/\/api.w.org\/{rel}","templated":true}]}}